{"version":"1.0","provider_name":"Leinonen Estonia","provider_url":"https:\/\/leinonen.eu\/est\/fi\/","author_name":"Triin Lumiste","author_url":"https:\/\/leinonen.eu\/est\/fi\/news\/author\/tlumiste\/","title":"Ty\u00f6ntekij\u00f6iden lepoaika \u2013 t\u00e4rke\u00e4\u00e4 tietoa ty\u00f6nantajille\u00a0 &#8211; Leinonen Estonia","type":"rich","width":600,"height":338,"html":"<blockquote class=\"wp-embedded-content\" data-secret=\"iEjewUV24D\"><a href=\"https:\/\/leinonen.eu\/est\/fi\/news\/tyontekijoiden-lepoaika-tarkeaa-tietoa-tyonantajille\/\">Ty\u00f6ntekij\u00f6iden lepoaika \u2013 t\u00e4rke\u00e4\u00e4 tietoa ty\u00f6nantajille\u00a0<\/a><\/blockquote><iframe sandbox=\"allow-scripts\" security=\"restricted\" src=\"https:\/\/leinonen.eu\/est\/fi\/news\/tyontekijoiden-lepoaika-tarkeaa-tietoa-tyonantajille\/embed\/#?secret=iEjewUV24D\" width=\"600\" height=\"338\" title=\"&#8221;Ty\u00f6ntekij\u00f6iden lepoaika \u2013 t\u00e4rke\u00e4\u00e4 tietoa ty\u00f6nantajille\u00a0&#8221; &#8212; Leinonen Estonia\" data-secret=\"iEjewUV24D\" frameborder=\"0\" marginwidth=\"0\" marginheight=\"0\" scrolling=\"no\" class=\"wp-embedded-content\"><\/iframe><script>\n\/*! This file is auto-generated *\/\n!function(d,l){\"use strict\";l.querySelector&&d.addEventListener&&\"undefined\"!=typeof URL&&(d.wp=d.wp||{},d.wp.receiveEmbedMessage||(d.wp.receiveEmbedMessage=function(e){var t=e.data;if((t||t.secret||t.message||t.value)&&!\/[^a-zA-Z0-9]\/.test(t.secret)){for(var s,r,n,a=l.querySelectorAll('iframe[data-secret=\"'+t.secret+'\"]'),o=l.querySelectorAll('blockquote[data-secret=\"'+t.secret+'\"]'),c=new RegExp(\"^https?:$\",\"i\"),i=0;i<o.length;i++)o[i].style.display=\"none\";for(i=0;i<a.length;i++)s=a[i],e.source===s.contentWindow&&(s.removeAttribute(\"style\"),\"height\"===t.message?(1e3<(r=parseInt(t.value,10))?r=1e3:~~r<200&&(r=200),s.height=r):\"link\"===t.message&&(r=new URL(s.getAttribute(\"src\")),n=new URL(t.value),c.test(n.protocol))&&n.host===r.host&&l.activeElement===s&&(d.top.location.href=t.value))}},d.addEventListener(\"message\",d.wp.receiveEmbedMessage,!1),l.addEventListener(\"DOMContentLoaded\",function(){for(var e,t,s=l.querySelectorAll(\"iframe.wp-embedded-content\"),r=0;r<s.length;r++)(t=(e=s[r]).getAttribute(\"data-secret\"))||(t=Math.random().toString(36).substring(2,12),e.src+=\"#?secret=\"+t,e.setAttribute(\"data-secret\",t)),e.contentWindow.postMessage({message:\"ready\",secret:t},\"*\")},!1)))}(window,document);\n<\/script>\n","thumbnail_url":"https:\/\/leinonen.eu\/app\/uploads\/sites\/11\/2023\/12\/Article-visuals-78.png","thumbnail_width":1200,"thumbnail_height":627,"description":"Euroopan unionin tuomioistuin antoi 2.3.2023 asiassa C-477\/21 tuomion, jolla on vaikutusta ennen kaikkea virolaisiin ty\u00f6nantajiin, joiden ty\u00f6ntekij\u00e4t tekev\u00e4t ty\u00f6t\u00e4 aikataulun mukaisesti. T\u00e4m\u00e4 johtuu siit\u00e4, ett\u00e4 Euroopan unionin tuomioistuimen tuomion mukaan p\u00e4ivitt\u00e4inen lepo ei ole osa viikoittaista lepoaikaa, vaan sen on edelt\u00e4v\u00e4 sit\u00e4. T\u00e4m\u00e4 on ristiriidassa aiemman k\u00e4sityksen kanssa, jonka mukaan aikataulun mukaisesti ty\u00f6skentelev\u00e4 henkil\u00f6 saisi [&hellip;]"}